{"id":3127,"date":"2025-10-30T12:39:31","date_gmt":"2025-10-30T10:39:31","guid":{"rendered":"https:\/\/comitedebioetica.isciii.es\/?page_id=3127"},"modified":"2026-04-29T14:35:37","modified_gmt":"2026-04-29T12:35:37","slug":"agenda","status":"publish","type":"page","link":"https:\/\/comitedebioetica.isciii.es\/en\/inicio\/agenda\/","title":{"rendered":"Agenda"},"content":{"rendered":"\t\t<div data-elementor-type=\"wp-page\" data-elementor-id=\"3127\" class=\"elementor elementor-3127\" data-elementor-post-type=\"page\">\n\t\t\t\t<div class=\"elementor-element elementor-element-59388bc e-flex e-con-boxed e-con e-parent\" data-id=\"59388bc\" data-element_type=\"container\" data-e-type=\"container\">\n\t\t\t\t\t<div class=\"e-con-inner\">\n\t\t\t\t<div class=\"elementor-element elementor-element-8c010a5 elementor-widget elementor-widget-template\" data-id=\"8c010a5\" data-element_type=\"widget\" data-e-type=\"widget\" data-widget_type=\"template.default\">\n\t\t\t\t<div class=\"elementor-widget-container\">\n\t\t\t\t\t\t\t<div class=\"elementor-template\">\n\t\t\t\t\t<div data-elementor-type=\"section\" data-elementor-id=\"3176\" class=\"elementor elementor-3176\" data-elementor-post-type=\"elementor_library\">\n\t\t\t<div class=\"elementor-element elementor-element-3aaff8a3 e-con-full e-flex e-con e-parent\" data-id=\"3aaff8a3\" data-element_type=\"container\" data-e-type=\"container\" data-settings=\"{&quot;background_background&quot;:&quot;classic&quot;}\">\n\t\t\t\t<div class=\"elementor-element elementor-element-6d887774 elementor-widget elementor-widget-heading\" data-id=\"6d887774\" data-element_type=\"widget\" data-e-type=\"widget\" data-widget_type=\"heading.default\">\n\t\t\t\t<div class=\"elementor-widget-container\">\n\t\t\t\t\t<h1 class=\"elementor-heading-title elementor-size-default\">INICIO<\/h1>\t\t\t\t<\/div>\n\t\t\t\t<\/div>\n\t\t\t\t<div class=\"elementor-element elementor-element-5c27cfa7 elementor-widget elementor-widget-heading\" data-id=\"5c27cfa7\" data-element_type=\"widget\" data-e-type=\"widget\" data-widget_type=\"heading.default\">\n\t\t\t\t<div class=\"elementor-widget-container\">\n\t\t\t\t\t<h2 class=\"elementor-heading-title elementor-size-default\">EVENTos<\/h2>\t\t\t\t<\/div>\n\t\t\t\t<\/div>\n\t\t\t\t<\/div>\n\t\t<div class=\"elementor-element elementor-element-7da77432 e-con-full e-flex e-con e-parent\" data-id=\"7da77432\" data-element_type=\"container\" data-e-type=\"container\">\n\t\t\t\t<div class=\"elementor-element elementor-element-4101b2d4 elementor-nav-menu--dropdown-tablet elementor-nav-menu__text-align-aside elementor-nav-menu--toggle elementor-nav-menu--burger elementor-widget elementor-widget-nav-menu\" data-id=\"4101b2d4\" data-element_type=\"widget\" data-e-type=\"widget\" data-settings=\"{&quot;layout&quot;:&quot;horizontal&quot;,&quot;submenu_icon&quot;:{&quot;value&quot;:&quot;&lt;i class=\\&quot;fas fa-caret-down\\&quot; aria-hidden=\\&quot;true\\&quot;&gt;&lt;\\\/i&gt;&quot;,&quot;library&quot;:&quot;fa-solid&quot;},&quot;toggle&quot;:&quot;burger&quot;}\" data-widget_type=\"nav-menu.default\">\n\t\t\t\t<div class=\"elementor-widget-container\">\n\t\t\t\t\t\t\t\t<nav aria-label=\"Men\u00fa\" class=\"elementor-nav-menu--main elementor-nav-menu__container elementor-nav-menu--layout-horizontal e--pointer-underline e--animation-fade\">\n\t\t\t\t<ul id=\"menu-1-4101b2d4\" class=\"elementor-nav-menu\"><li class=\"menu-item menu-item-type-post_type menu-item-object-page menu-item-3144\"><a href=\"https:\/\/comitedebioetica.isciii.es\/en\/inicio\/noticias\/\" class=\"elementor-item\">Noticias<\/a><\/li>\n<li class=\"menu-item menu-item-type-post_type menu-item-object-page menu-item-3143\"><a href=\"https:\/\/comitedebioetica.isciii.es\/en\/inicio\/agenda\/\" class=\"elementor-item\">Agenda<\/a><\/li>\n<\/ul>\t\t\t<\/nav>\n\t\t\t\t\t<div class=\"elementor-menu-toggle\" role=\"button\" tabindex=\"0\" aria-label=\"Menu Toggle\" aria-expanded=\"false\">\n\t\t\t<i aria-hidden=\"true\" role=\"presentation\" class=\"elementor-menu-toggle__icon--open eicon-menu-bar\"><\/i><i aria-hidden=\"true\" role=\"presentation\" class=\"elementor-menu-toggle__icon--close eicon-close\"><\/i>\t\t<\/div>\n\t\t\t\t\t<nav class=\"elementor-nav-menu--dropdown elementor-nav-menu__container\" aria-hidden=\"true\">\n\t\t\t\t<ul id=\"menu-2-4101b2d4\" class=\"elementor-nav-menu\"><li class=\"menu-item menu-item-type-post_type menu-item-object-page menu-item-3144\"><a href=\"https:\/\/comitedebioetica.isciii.es\/en\/inicio\/noticias\/\" class=\"elementor-item\" tabindex=\"-1\">Noticias<\/a><\/li>\n<li class=\"menu-item menu-item-type-post_type menu-item-object-page menu-item-3143\"><a href=\"https:\/\/comitedebioetica.isciii.es\/en\/inicio\/agenda\/\" class=\"elementor-item\" tabindex=\"-1\">Agenda<\/a><\/li>\n<\/ul>\t\t\t<\/nav>\n\t\t\t\t\t\t<\/div>\n\t\t\t\t<\/div>\n\t\t\t\t<\/div>\n\t\t\t\t<\/div>\n\t\t\t\t<\/div>\n\t\t\t\t\t\t<\/div>\n\t\t\t\t<\/div>\n\t\t\t\t\t<\/div>\n\t\t\t\t<\/div>\n\t\t<div class=\"elementor-element elementor-element-4912ee6 e-flex e-con-boxed e-con e-parent\" data-id=\"4912ee6\" data-element_type=\"container\" data-e-type=\"container\">\n\t\t\t\t\t<div class=\"e-con-inner\">\n\t\t<div class=\"elementor-element elementor-element-d064df7 e-con-full e-flex e-con e-child\" data-id=\"d064df7\" data-element_type=\"container\" data-e-type=\"container\">\n\t\t\t\t<\/div>\n\t\t<div class=\"elementor-element elementor-element-5742579 e-con-full e-flex e-con e-child\" data-id=\"5742579\" data-element_type=\"container\" data-e-type=\"container\">\n\t\t<div class=\"elementor-element elementor-element-8dc43d1 e-grid e-con-full e-con e-child\" data-id=\"8dc43d1\" data-element_type=\"container\" data-e-type=\"container\">\n\t\t\t\t<div class=\"elementor-element elementor-element-e6cc4e7 elementor-widget elementor-widget-text-editor\" data-id=\"e6cc4e7\" data-element_type=\"widget\" data-e-type=\"widget\" data-widget_type=\"text-editor.default\">\n\t\t\t\t<div class=\"elementor-widget-container\">\n\t\t\t\t\t\t\t\t\t<ul><li><strong>Global<br \/>Dialogues<br \/>Webinar<\/strong><ul><li><strong>Fecha:<\/strong> 30 de abril de 2026.<\/li><li><strong>Organizador:<\/strong> Nanapoluos Fundation.<\/li><li><strong>Enlace:<\/strong> <a href=\"https:\/\/nanopoulosfoundation.org\/\" target=\"_blank\" rel=\"noopener\">https:\/\/nanopoulosfoundation.org\/<\/a><\/li><\/ul><\/li><\/ul>\t\t\t\t\t\t\t\t<\/div>\n\t\t\t\t<\/div>\n\t\t\t\t<div class=\"elementor-element elementor-element-8233d38 elementor-widget elementor-widget-image\" data-id=\"8233d38\" data-element_type=\"widget\" data-e-type=\"widget\" data-widget_type=\"image.default\">\n\t\t\t\t<div class=\"elementor-widget-container\">\n\t\t\t\t\t\t\t\t\t\t\t\t\t\t\t<img fetchpriority=\"high\" decoding=\"async\" width=\"231\" height=\"300\" src=\"https:\/\/comitedebioetica.isciii.es\/wp-content\/uploads\/2026\/04\/CBE_webinar.png\" class=\"attachment-medium size-medium wp-image-3412\" alt=\"\" \/>\t\t\t\t\t\t\t\t\t\t\t\t\t\t\t<\/div>\n\t\t\t\t<\/div>\n\t\t\t\t<\/div>\n\t\t\t\t<\/div>\n\t\t\t\t\t<\/div>\n\t\t\t\t<\/div>\n\t\t<div class=\"elementor-element elementor-element-8a38c09 e-flex e-con-boxed e-con e-parent\" data-id=\"8a38c09\" data-element_type=\"container\" data-e-type=\"container\">\n\t\t\t\t\t<div class=\"e-con-inner\">\n\t\t<div class=\"elementor-element elementor-element-b97539d e-con-full e-flex e-con e-child\" data-id=\"b97539d\" data-element_type=\"container\" data-e-type=\"container\">\n\t\t<div class=\"elementor-element elementor-element-8e624c3 e-grid e-con-full e-con e-child\" data-id=\"8e624c3\" data-element_type=\"container\" data-e-type=\"container\">\n\t\t\t\t<div class=\"elementor-element elementor-element-b24ecdb elementor-widget elementor-widget-text-editor\" data-id=\"b24ecdb\" data-element_type=\"widget\" data-e-type=\"widget\" data-widget_type=\"text-editor.default\">\n\t\t\t\t<div class=\"elementor-widget-container\">\n\t\t\t\t\t\t\t\t\t<ul>\n \t<li><strong>VII Congreso Internacional de Bio\u00e9tica en Valencia<\/strong>:\n<ul>\n \t<li><strong>Fecha:<\/strong>1, 2 y 3 de octubre de 2025.<\/li>\n \t<li><strong>Lugar:<\/strong>Valencia, en la Facultad de Filosof\u00eda y Ciencias de la Educaci\u00f3n de la Universitat de Val\u00e8ncia.<\/li>\n \t<li><strong>Tem\u00e1tica:<\/strong>\u201cNuevas tecnolog\u00edas, bio\u00e9tica de cat\u00e1strofes y democracia inclusiva\u201d.<\/li>\n \t<li><strong>Para m\u00e1s informaci\u00f3n:<\/strong>Puedes consultar la p\u00e1gina web del grupo de investigaci\u00f3n\u00a0<a href=\"https:\/\/gibuv.es\/congreso-2025\/\">https:\/\/gibuv.es\/congreso-2025\/<\/a>.<\/li>\n<\/ul>\n<\/li>\n<\/ul>\t\t\t\t\t\t\t\t<\/div>\n\t\t\t\t<\/div>\n\t\t\t\t<div class=\"elementor-element elementor-element-b6d4d4a elementor-widget elementor-widget-image\" data-id=\"b6d4d4a\" data-element_type=\"widget\" data-e-type=\"widget\" data-widget_type=\"image.default\">\n\t\t\t\t<div class=\"elementor-widget-container\">\n\t\t\t\t\t\t\t\t\t\t\t\t\t\t\t<img decoding=\"async\" width=\"290\" height=\"213\" src=\"https:\/\/comitedebioetica.isciii.es\/wp-content\/uploads\/2025\/10\/VIIcongreso.png\" class=\"attachment-large size-large wp-image-3132\" alt=\"\" \/>\t\t\t\t\t\t\t\t\t\t\t\t\t\t\t<\/div>\n\t\t\t\t<\/div>\n\t\t\t\t<\/div>\n\t\t\t\t<div class=\"elementor-element elementor-element-37be726 elementor-widget elementor-widget-text-editor\" data-id=\"37be726\" data-element_type=\"widget\" data-e-type=\"widget\" data-widget_type=\"text-editor.default\">\n\t\t\t\t<div class=\"elementor-widget-container\">\n\t\t\t\t\t\t\t\t\t<p>El congreso est\u00e1 organizado por el Grupo de Investigaci\u00f3n en Bio\u00e9tica de la Universitat de Val\u00e8ncia GIBUV, el Grupo de Investigaci\u00f3n en \u00c9ticas Aplicadas y Democracia ETIDEMO UV, la Red Iberoamericana de Grupos de Investigaci\u00f3n en Bio\u00e9tica RIGIB, la Fundaci\u00f3n \u00c9TNOR, y la Universitat de Val\u00e8ncia.<\/p><p>\u00a0<\/p><p>Colaboran con su organizaci\u00f3n la UJI, el Comit\u00e9 de Bio\u00e9tica de Espa\u00f1a, la Universidad de Costa Rica, El Ministerio de Ciencia, Innovaci\u00f3n y Universidades\/Agencia Estatal de Investigaci\u00f3n, la Facultad de Filosof\u00eda y Ciencias de la Educaci\u00f3n de la UV y la Generalitat Valenciana.<\/p><p>\u00a0<\/p><p>En el marco de este Congreso, el Comit\u00e9 de Bio\u00e9tica de Espa\u00f1a presentar\u00e1 los avances en el informe que est\u00e1 preparando con el Consejo Nacional de \u00c9tica para las Ciencias de la Vida de Portugal sobre adicci\u00f3n a pantallas, acto en el que contar\u00e1 con la presencia del vicepresidente del Comit\u00e9 de Portugal, Andr\u00e9 D\u00edas.<\/p>\t\t\t\t\t\t\t\t<\/div>\n\t\t\t\t<\/div>\n\t\t\t\t<\/div>\n\t\t<div class=\"elementor-element elementor-element-5a91622 e-con-full e-flex e-con e-child\" data-id=\"5a91622\" data-element_type=\"container\" data-e-type=\"container\">\n\t\t<div class=\"elementor-element elementor-element-6c71618 e-grid e-con-full e-con e-child\" data-id=\"6c71618\" data-element_type=\"container\" data-e-type=\"container\">\n\t\t\t\t<div class=\"elementor-element elementor-element-233bc76 elementor-widget elementor-widget-text-editor\" data-id=\"233bc76\" data-element_type=\"widget\" data-e-type=\"widget\" data-widget_type=\"text-editor.default\">\n\t\t\t\t<div class=\"elementor-widget-container\">\n\t\t\t\t\t\t\t\t\t<ul><li><strong>XVII Congreso Nacional de Bio\u00e9tica en Teruel<\/strong>:<ul><li><strong>Fecha:<\/strong> 23, 24 y 25 de octubre de 2025.<\/li><li><strong>Lugar:<\/strong> Teruel<\/li><li><strong>Lema:<\/strong> &#8220;Contrarrestar la violencia: Deliberando para un cuidado responsable&#8221;.<\/li><li><strong>Organizador:<\/strong> Asociaci\u00f3n de Bio\u00e9tica Fundamental y Cl\u00ednica (ABFyC).<\/li><li><strong>Enlace:<\/strong> <a href=\"https:\/\/congreso2025.asociacionbioetica.com\/\" target=\"_blank\" rel=\"noopener\">https:\/\/congreso2025.asociacionbioetica.com\/<\/a><\/li><li><strong>Programa:<\/strong> <a href=\"https:\/\/congreso2025.asociacionbioetica.com\/wp-content\/uploads\/2025\/05\/programa-congreso-nacional-bioetica-teruel2025.pdf\" target=\"_blank\" rel=\"noopener\">https:\/\/congreso2025.asociacionbioetica.com\/wp-content\/uploads\/2025\/05\/programa-congreso-nacional-bioetica-teruel2025.pdf<\/a>.<\/li><\/ul><\/li><\/ul>\t\t\t\t\t\t\t\t<\/div>\n\t\t\t\t<\/div>\n\t\t\t\t<div class=\"elementor-element elementor-element-9a961bc elementor-widget elementor-widget-image\" data-id=\"9a961bc\" data-element_type=\"widget\" data-e-type=\"widget\" data-widget_type=\"image.default\">\n\t\t\t\t<div class=\"elementor-widget-container\">\n\t\t\t\t\t\t\t\t\t\t\t\t\t\t\t<img decoding=\"async\" width=\"443\" height=\"183\" src=\"https:\/\/comitedebioetica.isciii.es\/wp-content\/uploads\/2025\/10\/vxii.png\" class=\"attachment-large size-large wp-image-3133\" alt=\"\" \/>\t\t\t\t\t\t\t\t\t\t\t\t\t\t\t<\/div>\n\t\t\t\t<\/div>\n\t\t\t\t<\/div>\n\t\t\t\t<\/div>\n\t\t\t\t\t<\/div>\n\t\t\t\t<\/div>\n\t\t\t\t<\/div>\n\t\t","protected":false},"excerpt":{"rendered":"<p>GlobalDialoguesWebinar Fecha: 30 de abril de 2026. Organizador: Nanapoluos Fundation. Enlace: https:\/\/nanopoulosfoundation.org\/ VII Congreso Internacional de Bio\u00e9tica en Valencia: Fecha:1, 2 y 3 de octubre de 2025. Lugar:Valencia, en la Facultad de Filosof\u00eda y Ciencias de la Educaci\u00f3n de la Universitat de Val\u00e8ncia. Tem\u00e1tica:\u201cNuevas tecnolog\u00edas, bio\u00e9tica de cat\u00e1strofes y democracia inclusiva\u201d. Para m\u00e1s informaci\u00f3n:Puedes consultar [&hellip;]<\/p>\n","protected":false},"author":7,"featured_media":0,"parent":141,"menu_order":0,"comment_status":"closed","ping_status":"closed","template":"","meta":{"_acf_changed":false,"footnotes":""},"class_list":["post-3127","page","type-page","status-publish","hentry"],"acf":[],"yoast_head":"<!-- This site is optimized with the Yoast SEO plugin v27.5 - https:\/\/yoast.com\/product\/yoast-seo-wordpress\/ -->\n<title>Agenda - COMIT\u00c9 DE BIO\u00c9TICA DE ESPA\u00d1A<\/title>\n<meta name=\"robots\" content=\"index, follow, max-snippet:-1, max-image-preview:large, max-video-preview:-1\" \/>\n<link rel=\"canonical\" href=\"https:\/\/comitedebioetica.isciii.es\/inicio\/agenda\/\" \/>\n<meta property=\"og:locale\" content=\"en_US\" \/>\n<meta property=\"og:type\" content=\"article\" \/>\n<meta property=\"og:title\" content=\"Agenda - COMIT\u00c9 DE BIO\u00c9TICA DE ESPA\u00d1A\" \/>\n<meta property=\"og:description\" content=\"GlobalDialoguesWebinar Fecha: 30 de abril de 2026. Organizador: Nanapoluos Fundation. Enlace: https:\/\/nanopoulosfoundation.org\/ VII Congreso Internacional de Bio\u00e9tica en Valencia: Fecha:1, 2 y 3 de octubre de 2025. Lugar:Valencia, en la Facultad de Filosof\u00eda y Ciencias de la Educaci\u00f3n de la Universitat de Val\u00e8ncia. Tem\u00e1tica:\u201cNuevas tecnolog\u00edas, bio\u00e9tica de cat\u00e1strofes y democracia inclusiva\u201d. Para m\u00e1s informaci\u00f3n:Puedes consultar [&hellip;]\" \/>\n<meta property=\"og:url\" content=\"https:\/\/comitedebioetica.isciii.es\/inicio\/agenda\/\" \/>\n<meta property=\"og:site_name\" content=\"COMIT\u00c9 DE BIO\u00c9TICA DE ESPA\u00d1A\" \/>\n<meta property=\"article:modified_time\" content=\"2026-04-29T12:35:37+00:00\" \/>\n<meta property=\"og:image\" content=\"https:\/\/comitedebioetica.isciii.es\/wp-content\/uploads\/2026\/04\/CBE_webinar.png\" \/>\n<meta name=\"twitter:card\" content=\"summary_large_image\" \/>\n<meta name=\"twitter:label1\" content=\"Est. reading time\" \/>\n\t<meta name=\"twitter:data1\" content=\"2 minutes\" \/>\n<script type=\"application\/ld+json\" class=\"yoast-schema-graph\">{\"@context\":\"https:\\\/\\\/schema.org\",\"@graph\":[{\"@type\":\"WebPage\",\"@id\":\"https:\\\/\\\/comitedebioetica.isciii.es\\\/inicio\\\/agenda\\\/\",\"url\":\"https:\\\/\\\/comitedebioetica.isciii.es\\\/inicio\\\/agenda\\\/\",\"name\":\"Agenda - COMIT\u00c9 DE BIO\u00c9TICA DE ESPA\u00d1A\",\"isPartOf\":{\"@id\":\"https:\\\/\\\/comitedebioetica.isciii.es\\\/#website\"},\"primaryImageOfPage\":{\"@id\":\"https:\\\/\\\/comitedebioetica.isciii.es\\\/inicio\\\/agenda\\\/#primaryimage\"},\"image\":{\"@id\":\"https:\\\/\\\/comitedebioetica.isciii.es\\\/inicio\\\/agenda\\\/#primaryimage\"},\"thumbnailUrl\":\"https:\\\/\\\/comitedebioetica.isciii.es\\\/wp-content\\\/uploads\\\/2026\\\/04\\\/CBE_webinar.png\",\"datePublished\":\"2025-10-30T10:39:31+00:00\",\"dateModified\":\"2026-04-29T12:35:37+00:00\",\"breadcrumb\":{\"@id\":\"https:\\\/\\\/comitedebioetica.isciii.es\\\/inicio\\\/agenda\\\/#breadcrumb\"},\"inLanguage\":\"en-US\",\"potentialAction\":[{\"@type\":\"ReadAction\",\"target\":[\"https:\\\/\\\/comitedebioetica.isciii.es\\\/inicio\\\/agenda\\\/\"]}]},{\"@type\":\"ImageObject\",\"inLanguage\":\"en-US\",\"@id\":\"https:\\\/\\\/comitedebioetica.isciii.es\\\/inicio\\\/agenda\\\/#primaryimage\",\"url\":\"https:\\\/\\\/comitedebioetica.isciii.es\\\/wp-content\\\/uploads\\\/2026\\\/04\\\/CBE_webinar.png\",\"contentUrl\":\"https:\\\/\\\/comitedebioetica.isciii.es\\\/wp-content\\\/uploads\\\/2026\\\/04\\\/CBE_webinar.png\"},{\"@type\":\"BreadcrumbList\",\"@id\":\"https:\\\/\\\/comitedebioetica.isciii.es\\\/inicio\\\/agenda\\\/#breadcrumb\",\"itemListElement\":[{\"@type\":\"ListItem\",\"position\":1,\"name\":\"Portada\",\"item\":\"https:\\\/\\\/comitedebioetica.isciii.es\\\/\"},{\"@type\":\"ListItem\",\"position\":2,\"name\":\"Inicio\",\"item\":\"https:\\\/\\\/comitedebioetica.isciii.es\\\/\"},{\"@type\":\"ListItem\",\"position\":3,\"name\":\"Agenda\"}]},{\"@type\":\"WebSite\",\"@id\":\"https:\\\/\\\/comitedebioetica.isciii.es\\\/#website\",\"url\":\"https:\\\/\\\/comitedebioetica.isciii.es\\\/\",\"name\":\"COMIT\u00c9 DE BIO\u00c9TICA DE ESPA\u00d1A\",\"description\":\"Web oficial del Comit\u00e9 de Bio\u00e9tica de Espa\u00f1a, documentos, legislaci\u00f3n y resoluciones, opiniones sobre temas actuales y relevantes\",\"publisher\":{\"@id\":\"https:\\\/\\\/comitedebioetica.isciii.es\\\/#organization\"},\"potentialAction\":[{\"@type\":\"SearchAction\",\"target\":{\"@type\":\"EntryPoint\",\"urlTemplate\":\"https:\\\/\\\/comitedebioetica.isciii.es\\\/?s={search_term_string}\"},\"query-input\":{\"@type\":\"PropertyValueSpecification\",\"valueRequired\":true,\"valueName\":\"search_term_string\"}}],\"inLanguage\":\"en-US\"},{\"@type\":\"Organization\",\"@id\":\"https:\\\/\\\/comitedebioetica.isciii.es\\\/#organization\",\"name\":\"COMIT\u00c9 DE BIO\u00c9TICA DE ESPA\u00d1A\",\"url\":\"https:\\\/\\\/comitedebioetica.isciii.es\\\/\",\"logo\":{\"@type\":\"ImageObject\",\"inLanguage\":\"en-US\",\"@id\":\"https:\\\/\\\/comitedebioetica.isciii.es\\\/#\\\/schema\\\/logo\\\/image\\\/\",\"url\":\"https:\\\/\\\/comitedebioetica.isciii.es\\\/wp-content\\\/uploads\\\/2023\\\/10\\\/LOGO-COMITE-BIOETICA-ESPANA.png\",\"contentUrl\":\"https:\\\/\\\/comitedebioetica.isciii.es\\\/wp-content\\\/uploads\\\/2023\\\/10\\\/LOGO-COMITE-BIOETICA-ESPANA.png\",\"width\":250,\"height\":127,\"caption\":\"COMIT\u00c9 DE BIO\u00c9TICA DE ESPA\u00d1A\"},\"image\":{\"@id\":\"https:\\\/\\\/comitedebioetica.isciii.es\\\/#\\\/schema\\\/logo\\\/image\\\/\"}}]}<\/script>\n<!-- \/ Yoast SEO plugin. -->","yoast_head_json":{"title":"Agenda - COMIT\u00c9 DE BIO\u00c9TICA DE ESPA\u00d1A","robots":{"index":"index","follow":"follow","max-snippet":"max-snippet:-1","max-image-preview":"max-image-preview:large","max-video-preview":"max-video-preview:-1"},"canonical":"https:\/\/comitedebioetica.isciii.es\/inicio\/agenda\/","og_locale":"en_US","og_type":"article","og_title":"Agenda - COMIT\u00c9 DE BIO\u00c9TICA DE ESPA\u00d1A","og_description":"GlobalDialoguesWebinar Fecha: 30 de abril de 2026. Organizador: Nanapoluos Fundation. Enlace: https:\/\/nanopoulosfoundation.org\/ VII Congreso Internacional de Bio\u00e9tica en Valencia: Fecha:1, 2 y 3 de octubre de 2025. Lugar:Valencia, en la Facultad de Filosof\u00eda y Ciencias de la Educaci\u00f3n de la Universitat de Val\u00e8ncia. Tem\u00e1tica:\u201cNuevas tecnolog\u00edas, bio\u00e9tica de cat\u00e1strofes y democracia inclusiva\u201d. Para m\u00e1s informaci\u00f3n:Puedes consultar [&hellip;]","og_url":"https:\/\/comitedebioetica.isciii.es\/inicio\/agenda\/","og_site_name":"COMIT\u00c9 DE BIO\u00c9TICA DE ESPA\u00d1A","article_modified_time":"2026-04-29T12:35:37+00:00","og_image":[{"url":"https:\/\/comitedebioetica.isciii.es\/wp-content\/uploads\/2026\/04\/CBE_webinar.png","type":"","width":"","height":""}],"twitter_card":"summary_large_image","twitter_misc":{"Est. reading time":"2 minutes"},"schema":{"@context":"https:\/\/schema.org","@graph":[{"@type":"WebPage","@id":"https:\/\/comitedebioetica.isciii.es\/inicio\/agenda\/","url":"https:\/\/comitedebioetica.isciii.es\/inicio\/agenda\/","name":"Agenda - COMIT\u00c9 DE BIO\u00c9TICA DE ESPA\u00d1A","isPartOf":{"@id":"https:\/\/comitedebioetica.isciii.es\/#website"},"primaryImageOfPage":{"@id":"https:\/\/comitedebioetica.isciii.es\/inicio\/agenda\/#primaryimage"},"image":{"@id":"https:\/\/comitedebioetica.isciii.es\/inicio\/agenda\/#primaryimage"},"thumbnailUrl":"https:\/\/comitedebioetica.isciii.es\/wp-content\/uploads\/2026\/04\/CBE_webinar.png","datePublished":"2025-10-30T10:39:31+00:00","dateModified":"2026-04-29T12:35:37+00:00","breadcrumb":{"@id":"https:\/\/comitedebioetica.isciii.es\/inicio\/agenda\/#breadcrumb"},"inLanguage":"en-US","potentialAction":[{"@type":"ReadAction","target":["https:\/\/comitedebioetica.isciii.es\/inicio\/agenda\/"]}]},{"@type":"ImageObject","inLanguage":"en-US","@id":"https:\/\/comitedebioetica.isciii.es\/inicio\/agenda\/#primaryimage","url":"https:\/\/comitedebioetica.isciii.es\/wp-content\/uploads\/2026\/04\/CBE_webinar.png","contentUrl":"https:\/\/comitedebioetica.isciii.es\/wp-content\/uploads\/2026\/04\/CBE_webinar.png"},{"@type":"BreadcrumbList","@id":"https:\/\/comitedebioetica.isciii.es\/inicio\/agenda\/#breadcrumb","itemListElement":[{"@type":"ListItem","position":1,"name":"Portada","item":"https:\/\/comitedebioetica.isciii.es\/"},{"@type":"ListItem","position":2,"name":"Inicio","item":"https:\/\/comitedebioetica.isciii.es\/"},{"@type":"ListItem","position":3,"name":"Agenda"}]},{"@type":"WebSite","@id":"https:\/\/comitedebioetica.isciii.es\/#website","url":"https:\/\/comitedebioetica.isciii.es\/","name":"COMIT\u00c9 DE BIO\u00c9TICA DE ESPA\u00d1A","description":"Web oficial del Comit\u00e9 de Bio\u00e9tica de Espa\u00f1a, documentos, legislaci\u00f3n y resoluciones, opiniones sobre temas actuales y relevantes","publisher":{"@id":"https:\/\/comitedebioetica.isciii.es\/#organization"},"potentialAction":[{"@type":"SearchAction","target":{"@type":"EntryPoint","urlTemplate":"https:\/\/comitedebioetica.isciii.es\/?s={search_term_string}"},"query-input":{"@type":"PropertyValueSpecification","valueRequired":true,"valueName":"search_term_string"}}],"inLanguage":"en-US"},{"@type":"Organization","@id":"https:\/\/comitedebioetica.isciii.es\/#organization","name":"COMIT\u00c9 DE BIO\u00c9TICA DE ESPA\u00d1A","url":"https:\/\/comitedebioetica.isciii.es\/","logo":{"@type":"ImageObject","inLanguage":"en-US","@id":"https:\/\/comitedebioetica.isciii.es\/#\/schema\/logo\/image\/","url":"https:\/\/comitedebioetica.isciii.es\/wp-content\/uploads\/2023\/10\/LOGO-COMITE-BIOETICA-ESPANA.png","contentUrl":"https:\/\/comitedebioetica.isciii.es\/wp-content\/uploads\/2023\/10\/LOGO-COMITE-BIOETICA-ESPANA.png","width":250,"height":127,"caption":"COMIT\u00c9 DE BIO\u00c9TICA DE ESPA\u00d1A"},"image":{"@id":"https:\/\/comitedebioetica.isciii.es\/#\/schema\/logo\/image\/"}}]}},"_links":{"self":[{"href":"https:\/\/comitedebioetica.isciii.es\/en\/wp-json\/wp\/v2\/pages\/3127","targetHints":{"allow":["GET"]}}],"collection":[{"href":"https:\/\/comitedebioetica.isciii.es\/en\/wp-json\/wp\/v2\/pages"}],"about":[{"href":"https:\/\/comitedebioetica.isciii.es\/en\/wp-json\/wp\/v2\/types\/page"}],"author":[{"embeddable":true,"href":"https:\/\/comitedebioetica.isciii.es\/en\/wp-json\/wp\/v2\/users\/7"}],"replies":[{"embeddable":true,"href":"https:\/\/comitedebioetica.isciii.es\/en\/wp-json\/wp\/v2\/comments?post=3127"}],"version-history":[{"count":13,"href":"https:\/\/comitedebioetica.isciii.es\/en\/wp-json\/wp\/v2\/pages\/3127\/revisions"}],"predecessor-version":[{"id":3415,"href":"https:\/\/comitedebioetica.isciii.es\/en\/wp-json\/wp\/v2\/pages\/3127\/revisions\/3415"}],"up":[{"embeddable":true,"href":"https:\/\/comitedebioetica.isciii.es\/en\/wp-json\/wp\/v2\/pages\/141"}],"wp:attachment":[{"href":"https:\/\/comitedebioetica.isciii.es\/en\/wp-json\/wp\/v2\/media?parent=3127"}],"curies":[{"name":"wp","href":"https:\/\/api.w.org\/{rel}","templated":true}]}}