{"id":3095,"date":"2025-10-29T12:55:19","date_gmt":"2025-10-29T10:55:19","guid":{"rendered":"https:\/\/comitedebioetica.isciii.es\/?page_id=3095"},"modified":"2026-04-17T10:03:49","modified_gmt":"2026-04-17T08:03:49","slug":"noticias","status":"publish","type":"page","link":"https:\/\/comitedebioetica.isciii.es\/en\/inicio\/noticias\/","title":{"rendered":"Noticias"},"content":{"rendered":"\t\t<div data-elementor-type=\"wp-page\" data-elementor-id=\"3095\" class=\"elementor elementor-3095\" data-elementor-post-type=\"page\">\n\t\t\t\t<div class=\"elementor-element elementor-element-ffa9011 e-flex e-con-boxed e-con e-parent\" data-id=\"ffa9011\" data-element_type=\"container\" data-e-type=\"container\">\n\t\t\t\t\t<div class=\"e-con-inner\">\n\t\t\t\t<div class=\"elementor-element elementor-element-51b6011 elementor-widget elementor-widget-template\" data-id=\"51b6011\" data-element_type=\"widget\" data-e-type=\"widget\" data-widget_type=\"template.default\">\n\t\t\t\t<div class=\"elementor-widget-container\">\n\t\t\t\t\t\t\t<div class=\"elementor-template\">\n\t\t\t\t\t<div data-elementor-type=\"section\" data-elementor-id=\"3165\" class=\"elementor elementor-3165\" data-elementor-post-type=\"elementor_library\">\n\t\t\t<div class=\"elementor-element elementor-element-d6d27ee e-con-full e-flex e-con e-parent\" data-id=\"d6d27ee\" data-element_type=\"container\" data-e-type=\"container\" data-settings=\"{&quot;background_background&quot;:&quot;classic&quot;}\">\n\t\t\t\t<div class=\"elementor-element elementor-element-93074bf elementor-widget elementor-widget-heading\" data-id=\"93074bf\" data-element_type=\"widget\" data-e-type=\"widget\" data-widget_type=\"heading.default\">\n\t\t\t\t<div class=\"elementor-widget-container\">\n\t\t\t\t\t<h1 class=\"elementor-heading-title elementor-size-default\">INICIO<\/h1>\t\t\t\t<\/div>\n\t\t\t\t<\/div>\n\t\t\t\t<div class=\"elementor-element elementor-element-8f3ff37 elementor-widget elementor-widget-heading\" data-id=\"8f3ff37\" data-element_type=\"widget\" data-e-type=\"widget\" data-widget_type=\"heading.default\">\n\t\t\t\t<div class=\"elementor-widget-container\">\n\t\t\t\t\t<h2 class=\"elementor-heading-title elementor-size-default\">Noticias<\/h2>\t\t\t\t<\/div>\n\t\t\t\t<\/div>\n\t\t\t\t<\/div>\n\t\t<div class=\"elementor-element elementor-element-2669e4d e-con-full e-flex e-con e-parent\" data-id=\"2669e4d\" data-element_type=\"container\" data-e-type=\"container\">\n\t\t\t\t<div class=\"elementor-element elementor-element-76bb75e elementor-nav-menu--dropdown-tablet elementor-nav-menu__text-align-aside elementor-nav-menu--toggle elementor-nav-menu--burger elementor-widget elementor-widget-nav-menu\" data-id=\"76bb75e\" data-element_type=\"widget\" data-e-type=\"widget\" data-settings=\"{&quot;layout&quot;:&quot;horizontal&quot;,&quot;submenu_icon&quot;:{&quot;value&quot;:&quot;&lt;i class=\\&quot;fas fa-caret-down\\&quot; aria-hidden=\\&quot;true\\&quot;&gt;&lt;\\\/i&gt;&quot;,&quot;library&quot;:&quot;fa-solid&quot;},&quot;toggle&quot;:&quot;burger&quot;}\" data-widget_type=\"nav-menu.default\">\n\t\t\t\t<div class=\"elementor-widget-container\">\n\t\t\t\t\t\t\t\t<nav aria-label=\"Men\u00fa\" class=\"elementor-nav-menu--main elementor-nav-menu__container elementor-nav-menu--layout-horizontal e--pointer-underline e--animation-fade\">\n\t\t\t\t<ul id=\"menu-1-76bb75e\" class=\"elementor-nav-menu\"><li class=\"menu-item menu-item-type-post_type menu-item-object-page menu-item-3144\"><a href=\"https:\/\/comitedebioetica.isciii.es\/en\/inicio\/noticias\/\" class=\"elementor-item\">Noticias<\/a><\/li>\n<li class=\"menu-item menu-item-type-post_type menu-item-object-page menu-item-3143\"><a href=\"https:\/\/comitedebioetica.isciii.es\/en\/inicio\/agenda\/\" class=\"elementor-item\">Agenda<\/a><\/li>\n<\/ul>\t\t\t<\/nav>\n\t\t\t\t\t<div class=\"elementor-menu-toggle\" role=\"button\" tabindex=\"0\" aria-label=\"Menu Toggle\" aria-expanded=\"false\">\n\t\t\t<i aria-hidden=\"true\" role=\"presentation\" class=\"elementor-menu-toggle__icon--open eicon-menu-bar\"><\/i><i aria-hidden=\"true\" role=\"presentation\" class=\"elementor-menu-toggle__icon--close eicon-close\"><\/i>\t\t<\/div>\n\t\t\t\t\t<nav class=\"elementor-nav-menu--dropdown elementor-nav-menu__container\" aria-hidden=\"true\">\n\t\t\t\t<ul id=\"menu-2-76bb75e\" class=\"elementor-nav-menu\"><li class=\"menu-item menu-item-type-post_type menu-item-object-page menu-item-3144\"><a href=\"https:\/\/comitedebioetica.isciii.es\/en\/inicio\/noticias\/\" class=\"elementor-item\" tabindex=\"-1\">Noticias<\/a><\/li>\n<li class=\"menu-item menu-item-type-post_type menu-item-object-page menu-item-3143\"><a href=\"https:\/\/comitedebioetica.isciii.es\/en\/inicio\/agenda\/\" class=\"elementor-item\" tabindex=\"-1\">Agenda<\/a><\/li>\n<\/ul>\t\t\t<\/nav>\n\t\t\t\t\t\t<\/div>\n\t\t\t\t<\/div>\n\t\t\t\t<\/div>\n\t\t\t\t<\/div>\n\t\t\t\t<\/div>\n\t\t\t\t\t\t<\/div>\n\t\t\t\t<\/div>\n\t\t\t\t\t<\/div>\n\t\t\t\t<\/div>\n\t\t<div class=\"elementor-element elementor-element-81714a6 e-flex e-con-boxed e-con e-parent\" data-id=\"81714a6\" data-element_type=\"container\" data-e-type=\"container\">\n\t\t\t\t\t<div class=\"e-con-inner\">\n\t\t<div class=\"elementor-element elementor-element-5e54b26 e-con-full e-flex e-con e-child\" data-id=\"5e54b26\" data-element_type=\"container\" data-e-type=\"container\">\n\t\t\t\t<div class=\"elementor-element elementor-element-0ae6518 elementor-widget elementor-widget-heading\" data-id=\"0ae6518\" data-element_type=\"widget\" data-e-type=\"widget\" data-widget_type=\"heading.default\">\n\t\t\t\t<div class=\"elementor-widget-container\">\n\t\t\t\t\t<h4 class=\"elementor-heading-title elementor-size-default\">Los Comit\u00e9s de Bio\u00e9tica de Espa\u00f1a y Portugal analizan el uso excesivo de Tecnolog\u00edas Digitales en la Infancia y la Adolescencia<\/h4>\t\t\t\t<\/div>\n\t\t\t\t<\/div>\n\t\t\t\t<div class=\"elementor-element elementor-element-29bddb1 elementor-widget elementor-widget-image\" data-id=\"29bddb1\" data-element_type=\"widget\" data-e-type=\"widget\" data-widget_type=\"image.default\">\n\t\t\t\t<div class=\"elementor-widget-container\">\n\t\t\t\t\t\t\t\t\t\t\t\t\t\t\t<img decoding=\"async\" width=\"300\" height=\"155\" src=\"https:\/\/comitedebioetica.isciii.es\/wp-content\/uploads\/2026\/04\/informe_CBE.png\" class=\"attachment-medium size-medium wp-image-3396\" alt=\"\" \/>\t\t\t\t\t\t\t\t\t\t\t\t\t\t\t<\/div>\n\t\t\t\t<\/div>\n\t\t\t\t<div class=\"elementor-element elementor-element-7b33a79 elementor-widget elementor-widget-text-editor\" data-id=\"7b33a79\" data-element_type=\"widget\" data-e-type=\"widget\" data-widget_type=\"text-editor.default\">\n\t\t\t\t<div class=\"elementor-widget-container\">\n\t\t\t\t\t\t\t\t\t<small>La presidencia, vicepresidencia y miembros de los Comit\u00e9s de Bio\u00e9tica de Espa\u00f1a y Portugal en la presentaci\u00f3n del informe en Lisboa.<\/small>\t\t\t\t\t\t\t\t<\/div>\n\t\t\t\t<\/div>\n\t\t\t\t<div class=\"elementor-element elementor-element-5706e28 elementor-widget elementor-widget-text-editor\" data-id=\"5706e28\" data-element_type=\"widget\" data-e-type=\"widget\" data-widget_type=\"text-editor.default\">\n\t\t\t\t<div class=\"elementor-widget-container\">\n\t\t\t\t\t\t\t\t\t<p><small>17\/04\/2026<\/small><\/p><p>\u00a0<\/p><p>Un nuevo informe elaborado conjuntamente por el Comit\u00e9 de Bio\u00e9tica de Espa\u00f1a (CBE) y el Consejo Nacional de \u00c9tica para las Ciencias de la Vida de Portugal (CNECV), analiza, desde el punto de vista \u00e9tico, c\u00f3mo puede impactar en la salud infantil y adolescente un uso excesivo de las tecnolog\u00edas digitales. Las recomendaciones de ambos comit\u00e9s se hab\u00edan presentado y debatido el pasado 5 de marzo en Lisboa, y hoy se ha publicado la versi\u00f3n completa del informe en espa\u00f1ol.<\/p><p><br \/>Ambos comit\u00e9s se\u00f1alan en su informe que el manejo de estas tecnolog\u00edas debe desarrollarse en un marco de condiciones adecuadas de seguridad y privacidad.<\/p><p><br \/>La evidencia muestra que la tecnolog\u00eda digital ya no es algo externo a la vida de ni\u00f1os, ni\u00f1as y adolescentes, sino un entorno que puede favorecer su desarrollo o generar riesgos si est\u00e1 mal dise\u00f1ado o regulado. Los usos excesivos, descontrolados o sin supervisi\u00f3n -sobre todo cuando hay p\u00e9rdida de control y deterioro funcional- se asocian de forma consistente con posibles problemas de salud mental (ansiedad, s\u00edntomas depresivos, desregulaci\u00f3n emocional, alteraciones de la autoimagen), problemas f\u00edsicos (dolor musculoesquel\u00e9tico,<br \/>fatiga, trastornos del sue\u00f1o) y dificultades en el desarrollo cognitivo y socioemocional (d\u00e9ficit de atenci\u00f3n, problemas de lenguaje en edades tempranas y cambios en los circuitos de recompensa e inhibici\u00f3n en contextos de uso problem\u00e1tico). Adem\u00e1s, el uso parental incorrecto de dispositivos puede interferir en la atenci\u00f3n y la calidad de la interacci\u00f3n padres\/madres-hijos\/hijas, afectar al bienestar en la infancia y adolescencia, debilitar el v\u00ednculo y reducir la capacidad de regulaci\u00f3n emocional y cognitiva en la vida diaria.<\/p><p><br \/>El impacto de la tecnolog\u00eda digital no depende solo del tiempo de uso, sino del c\u00f3mo, cu\u00e1ndo y con qui\u00e9n se usa la tecnolog\u00eda: influyen el contenido, el prop\u00f3sito, el contexto, la mediaci\u00f3n adulta y las vulnerabilidades previas. Por ello, no hay base s\u00f3lida para imponer l\u00edmites r\u00edgidos y uniformes centrados solo en minutos de pantalla, ya que incluso pueden generar efectos adversos como aislamiento o aumento de desigualdades. La respuesta \u00e9tica no pasa ni por demonizar la tecnolog\u00eda ni por aceptarla acr\u00edticamente: hay que asumir que puede aportar beneficios reales (conexi\u00f3n, aprendizaje, creatividad, participaci\u00f3n), pero que \u00e9stos dependen de condiciones adecuadas de seguridad, privacidad y dise\u00f1o, entre otros factores.<\/p><p><br \/>El enfoque debe centrarse en fomentar resiliencia digital y mediaci\u00f3n parental activa, con rutinas de protecci\u00f3n (incluyendo espacios y momentos libres de pantallas), priorizando diversas cuestiones: la detecci\u00f3n e intervenci\u00f3n precoz ante signos de uso problem\u00e1tico; la organizaci\u00f3n de la vida diaria para proteger sue\u00f1o, actividad f\u00edsica, juego e interacci\u00f3n, con reglas sencillas y coherentes en casa y en la escuela; y la exigencia de entornos digitales m\u00e1s seguros por defecto, con menos dise\u00f1o manipulativo y mayor protecci\u00f3n y transparencia.<\/p><p><br \/>Proteger a la infancia en el entorno digital es una responsabilidad colectiva que implica al estado, las empresas, la sociedad civil, los sistemas educativos, sanitarios y de servicios sociales, y finalmente a las familias y a los propios j\u00f3venes, y el informe ofrece un amplio listado de recomendaciones para todos ellos.<\/p><p><br \/>El objetivo de este informe es promover una infancia y adolescencia protegidas en el \u00e1mbito digital, con salud, y con v\u00ednculos y aprendizaje guiados por criterios de calidad, seguridad y justicia.<\/p>\t\t\t\t\t\t\t\t<\/div>\n\t\t\t\t<\/div>\n\t\t\t\t<\/div>\n\t\t<div class=\"elementor-element elementor-element-b54334c e-con-full e-flex e-con e-child\" data-id=\"b54334c\" data-element_type=\"container\" data-e-type=\"container\">\n\t\t\t\t<\/div>\n\t\t<div class=\"elementor-element elementor-element-438f88d e-con-full e-flex e-con e-child\" data-id=\"438f88d\" data-element_type=\"container\" data-e-type=\"container\">\n\t\t\t\t<div class=\"elementor-element elementor-element-d2899ff elementor-widget elementor-widget-heading\" data-id=\"d2899ff\" data-element_type=\"widget\" data-e-type=\"widget\" data-widget_type=\"heading.default\">\n\t\t\t\t<div class=\"elementor-widget-container\">\n\t\t\t\t\t<h4 class=\"elementor-heading-title elementor-size-default\">REDECABE alerta de la desconexi\u00f3n entre los Comit\u00e9s de Bio\u00e9tica y la ciudadan\u00eda y propone medidas para reforzar su papel p\u00fablico<\/h4>\t\t\t\t<\/div>\n\t\t\t\t<\/div>\n\t\t\t\t<div class=\"elementor-element elementor-element-a9dfb0b elementor-widget elementor-widget-text-editor\" data-id=\"a9dfb0b\" data-element_type=\"widget\" data-e-type=\"widget\" data-widget_type=\"text-editor.default\">\n\t\t\t\t<div class=\"elementor-widget-container\">\n\t\t\t\t\t\t\t\t\t<p><small>07\/04\/2026<\/small><\/p><p>\u00a0<\/p><p><strong>El Comit\u00e9 de Bio\u00e9tica de Espa\u00f1a<\/strong> difunde el nuevo informe aprobado por la <strong>Red Espa\u00f1ola de Comit\u00e9s de Bio\u00e9tica (REDECABE)<\/strong>, titulado <em>\u201cLa \u00e9tica que no llega: causas y consecuencias de la desconexi\u00f3n entre los Comit\u00e9s de Bio\u00e9tica del \u00e1mbito asistencial y la ciudadan\u00eda. Propuestas para conectar\u201d<\/em>. El documento identifica los principales factores que dificultan la relaci\u00f3n entre los Comit\u00e9s de Bio\u00e9tica y la poblaci\u00f3n y propone reformas para mejorar su funci\u00f3n social.<\/p><p>\u00a0<\/p><p>El informe, elaborado por el Grupo de Trabajo sobre Conexi\u00f3n con la Ciudadan\u00eda de esta Red, cuenta con la participaci\u00f3n de representantes de distintos territorios, incluyendo el Comit\u00e9 de Bio\u00e9tica de Espa\u00f1a.<\/p><p>\u00a0<\/p><p>El documento se\u00f1ala que los Comit\u00e9s de \u00c9tica siguen siendo percibidos como \u00f3rganos t\u00e9cnicos y poco accesibles, lo que limita la confianza p\u00fablica y su legitimidad social. Entre los factores identificados destacan:<\/p><p>\u00a0<\/p><ul><li>Insuficiente participaci\u00f3n ciudadana.<\/li><li>Uso de un lenguaje excesivamente t\u00e9cnico.<\/li><li>Escasa divulgaci\u00f3n de la actividad de los comit\u00e9s.<\/li><li>Falta de estructuras y recursos estables.<\/li><li>Carencia de espacios de deliberaci\u00f3n \u00e9tica abiertos a la poblaci\u00f3n.<\/li><li>D\u00e9ficit de confianza en su independencia.<\/li><\/ul><ul>La desconexi\u00f3n puede generar:<li>Desconfianza ante decisiones sanitarias sensibles.<\/li><li>Menor apropiaci\u00f3n de la \u00e9tica como herramienta c\u00edvica.<\/li><li>P\u00e9rdida de impacto transformador de los comit\u00e9s en la pr\u00e1ctica asistencial.<\/li><\/ul><p>\u00a0<\/p><p>REDECABE plantea l\u00edneas de acci\u00f3n para revertir esta situaci\u00f3n, entre ellas:<\/p><p>\u00a0<\/p><ul><li>Dotar a los Comit\u00e9s de \u00c9tica de estructuras y recursos profesionales estables.<\/li><li>Garantizar su independencia mediante criterios transparentes de selecci\u00f3n de miembros.<\/li><li>Implementar estrategias de comunicaci\u00f3n accesibles, incluyendo versiones divulgativas de dict\u00e1menes.<\/li><li>Fomentar la participaci\u00f3n real de pacientes y ciudadan\u00eda.<\/li><li>Establecer alianzas con entidades profesionales y sociales.<\/li><li>Evaluar el impacto \u00e9tico-social de su actividad.<\/li><\/ul><p>\u00a0<\/p><p>\u201cEl acercamiento de la \u00e9tica asistencial a la ciudadan\u00eda es esencial para fortalecer la confianza, la transparencia y la calidad del sistema sanitario. La bio\u00e9tica solo es \u00fatil si llega a las personas y se integra en sus decisiones\u201d.<\/p>\t\t\t\t\t\t\t\t<\/div>\n\t\t\t\t<\/div>\n\t\t\t\t<\/div>\n\t\t\t\t\t<\/div>\n\t\t\t\t<\/div>\n\t\t<div class=\"elementor-element elementor-element-a736fc8 e-flex e-con-boxed e-con e-parent\" data-id=\"a736fc8\" data-element_type=\"container\" data-e-type=\"container\">\n\t\t\t\t\t<div class=\"e-con-inner\">\n\t\t<div class=\"elementor-element elementor-element-65b22ee e-con-full e-flex e-con e-child\" data-id=\"65b22ee\" data-element_type=\"container\" data-e-type=\"container\">\n\t\t\t\t<div class=\"elementor-element elementor-element-da646db elementor-widget elementor-widget-heading\" data-id=\"da646db\" data-element_type=\"widget\" data-e-type=\"widget\" data-widget_type=\"heading.default\">\n\t\t\t\t<div class=\"elementor-widget-container\">\n\t\t\t\t\t<h4 class=\"elementor-heading-title elementor-size-default\">Se celebran di\u00e1logos en T\u00fanez entre organismos de \u00e9tica del Mediterr\u00e1neo, con la participaci\u00f3n del Comit\u00e9 de Bio\u00e9tica de Espa\u00f1a<\/h4>\t\t\t\t<\/div>\n\t\t\t\t<\/div>\n\t\t\t\t<div class=\"elementor-element elementor-element-fc80156 elementor-widget elementor-widget-image\" data-id=\"fc80156\" data-element_type=\"widget\" data-e-type=\"widget\" data-widget_type=\"image.default\">\n\t\t\t\t<div class=\"elementor-widget-container\">\n\t\t\t\t\t\t\t\t\t\t\t\t\t\t\t<img fetchpriority=\"high\" decoding=\"async\" width=\"300\" height=\"200\" src=\"https:\/\/comitedebioetica.isciii.es\/wp-content\/uploads\/2026\/03\/tunez.jpg\" class=\"attachment-medium size-medium wp-image-3307\" alt=\"\" \/>\t\t\t\t\t\t\t\t\t\t\t\t\t\t\t<\/div>\n\t\t\t\t<\/div>\n\t\t\t\t<div class=\"elementor-element elementor-element-b862fad elementor-widget elementor-widget-text-editor\" data-id=\"b862fad\" data-element_type=\"widget\" data-e-type=\"widget\" data-widget_type=\"text-editor.default\">\n\t\t\t\t<div class=\"elementor-widget-container\">\n\t\t\t\t\t\t\t\t\t<p>El d\u00eda 20 de noviembre de 2025 se celebr\u00f3 en T\u00fanez el 2\u00ba Di\u00e1logo Informal de los Organismos de \u00c9tica del Mediterr\u00e1neo. El primero de estos di\u00e1logos hab\u00eda tenido lugar en Marruecos el 28 de noviembre de 2024. El encuentro en T\u00fanez ten\u00eda como objetivo consolidar esta interesante iniciativa promovida por la Fundaci\u00f3n Anna Lindh y la Comisi\u00f3n Europea con el apoyo en este caso de otras instituciones, como Afriq\u2019AI y la Maison de l\u2019Intelligence Artificielle. En esta ocasi\u00f3n el 2\u00ba Di\u00e1logo Informal cont\u00f3 con representantes de cinco pa\u00edses: Marruecos, T\u00fanez, Portugal, Italia y Espa\u00f1a. <img decoding=\"async\" class=\"wp-image-3306 alignright\" src=\"https:\/\/comitedebioetica.isciii.es\/wp-content\/uploads\/2026\/03\/tunez2.jpg\" alt=\"\" width=\"300\" height=\"300\" \/><\/p><p>Juan Carlos Siurana, presidente del Comit\u00e9 del Comit\u00e9 de Bio\u00e9tica de Espa\u00f1a, present\u00f3 en la sesi\u00f3n de la ma\u00f1ana algunas de las aportaciones del \u00faltimo encuentro del NEC Forum celebrado los d\u00edas 13 y 14 en Copenhague, para reflexionar sobre la forma de colaboraci\u00f3n entre comit\u00e9s de \u00e9tica de los pa\u00edses de la Uni\u00f3n Europea. En el caso de los pa\u00edses del Mediterr\u00e1neo la forma de organizarse y de colaboraci\u00f3n est\u00e1 por construir y es importante pensar sobre el modelo de colaboraci\u00f3n deseado. En la sesi\u00f3n de la tarde, Juan Carlos Siurana particip\u00f3 en los grupos de debate que se conformaron.<\/p><p>En opini\u00f3n de Juan Carlos Siurana, se trata de una iniciativa muy valiosa que debe consolidarse. El Mediterr\u00e1neo ba\u00f1a actualmente las costas de 43 pa\u00edses y es necesario construir espacios de di\u00e1logo para encontrar puntos de encuentro sobre los que basar una mayor comprensi\u00f3n mutua y un futuro com\u00fan de paz y desarrollo humano.<\/p>\t\t\t\t\t\t\t\t<\/div>\n\t\t\t\t<\/div>\n\t\t\t\t<\/div>\n\t\t<div class=\"elementor-element elementor-element-14b8384 e-con-full e-flex e-con e-child\" data-id=\"14b8384\" data-element_type=\"container\" data-e-type=\"container\">\n\t\t\t\t<\/div>\n\t\t<div class=\"elementor-element elementor-element-f507243 e-con-full e-flex e-con e-child\" data-id=\"f507243\" data-element_type=\"container\" data-e-type=\"container\">\n\t\t\t\t<div class=\"elementor-element elementor-element-2e07c75 elementor-widget elementor-widget-heading\" data-id=\"2e07c75\" data-element_type=\"widget\" data-e-type=\"widget\" data-widget_type=\"heading.default\">\n\t\t\t\t<div class=\"elementor-widget-container\">\n\t\t\t\t\t<h4 class=\"elementor-heading-title elementor-size-default\">El Comit\u00e9 de Bio\u00e9tica de Espa\u00f1a participa en el 35\u00ba Encuentro de Comit\u00e9s Nacionales de \u00c9tica en Copenhague<\/h4>\t\t\t\t<\/div>\n\t\t\t\t<\/div>\n\t\t\t\t<div class=\"elementor-element elementor-element-adc3f10 elementor-widget elementor-widget-image\" data-id=\"adc3f10\" data-element_type=\"widget\" data-e-type=\"widget\" data-widget_type=\"image.default\">\n\t\t\t\t<div class=\"elementor-widget-container\">\n\t\t\t\t\t\t\t\t\t\t\t\t\t\t\t<img loading=\"lazy\" decoding=\"async\" width=\"300\" height=\"200\" src=\"https:\/\/comitedebioetica.isciii.es\/wp-content\/uploads\/2026\/03\/council.jpg\" class=\"attachment-medium size-medium wp-image-3305\" alt=\"\" \/>\t\t\t\t\t\t\t\t\t\t\t\t\t\t\t<\/div>\n\t\t\t\t<\/div>\n\t\t\t\t<div class=\"elementor-element elementor-element-61d729b elementor-widget elementor-widget-text-editor\" data-id=\"61d729b\" data-element_type=\"widget\" data-e-type=\"widget\" data-widget_type=\"text-editor.default\">\n\t\t\t\t<div class=\"elementor-widget-container\">\n\t\t\t\t\t\t\t\t\t<p><small>14\/11\/2025<\/small><br \/><br \/>Durante los d\u00edas 13 y 14 de noviembre de 2025 se celebr\u00f3 en Copenhague el 35\u00ba Encuentro de Comit\u00e9s Nacionales de \u00c9tica, conocido en ingl\u00e9s como el NEC (National Ethics Councils) Forum. Se trata de un encuentro que se celebra cada seis meses en el pa\u00eds que asume durante ese semestre la presidencia de la Uni\u00f3n Europea. En esta ocasi\u00f3n el t\u00edtulo del encuentro era \u201c\u00c9tica en transici\u00f3n: Instituciones, Tecnolog\u00edas y Confianza P\u00fablica\u201d.<\/p><p>\u00a0<\/p><p>Al encuentro asistieron dos miembros del Comit\u00e9 de Bio\u00e9tica de Espa\u00f1a, Atia Cort\u00e9s Mart\u00ednez, que particip\u00f3 con la ponencia titulada \u201cLagunas y desaf\u00edos en las Directrices \u00e9ticas para una IA confiable\u201d, y Juan Carlos Siurana en representaci\u00f3n del Comit\u00e9 de Bio\u00e9tica de Espa\u00f1a.<\/p><p>\u00a0<\/p><p>En el Encuentro se trataron temas de gran relevancia, como soberan\u00eda digital, transici\u00f3n verde, la \u00e9tica de la inteligencia artificial y nuevas tecnolog\u00edas, as\u00ed como nuevos temas y prioridades. Tambi\u00e9n se debati\u00f3 sobre una declaraci\u00f3n en torno a la soberan\u00eda digital que finalmente fue aprobada por los asistentes, titulada <a href=\"https:\/\/comitedebioetica.isciii.es\/wp-content\/uploads\/2026\/03\/anexo-noticia-14_11_2025.pdf\">&#8220;Declaraci\u00f3n sobre la responsabilidad \u00e9tica por una soberan\u00eda digital basada en valores europeos<\/a>&#8220;.<\/p><p>\u00a0<\/p><p>Fue una gran experiencia de intercambio de ideas y formas de trabajo, en el que los miembros del CBE volvieron con muchos nuevos proyectos de colaboraci\u00f3n conjunta entre comit\u00e9s nacionales.<\/p>\t\t\t\t\t\t\t\t<\/div>\n\t\t\t\t<\/div>\n\t\t\t\t<\/div>\n\t\t\t\t\t<\/div>\n\t\t\t\t<\/div>\n\t\t<div class=\"elementor-element elementor-element-86635fa e-flex e-con-boxed e-con e-parent\" data-id=\"86635fa\" data-element_type=\"container\" data-e-type=\"container\">\n\t\t\t\t\t<div class=\"e-con-inner\">\n\t\t<div class=\"elementor-element elementor-element-afe687b e-con-full e-flex e-con e-child\" data-id=\"afe687b\" data-element_type=\"container\" data-e-type=\"container\">\n\t\t\t\t<div class=\"elementor-element elementor-element-4d37823 elementor-widget elementor-widget-heading\" data-id=\"4d37823\" data-element_type=\"widget\" data-e-type=\"widget\" data-widget_type=\"heading.default\">\n\t\t\t\t<div class=\"elementor-widget-container\">\n\t\t\t\t\t<h4 class=\"elementor-heading-title elementor-size-default\"><a href=\"https:\/\/www.aragonhoy.es\/sanidad\/bioetica-atencion-domiciliaria-99843\" target=\"_blank\">Reuni\u00f3n REDECABE<\/a><\/h4>\t\t\t\t<\/div>\n\t\t\t\t<\/div>\n\t\t\t\t<div class=\"elementor-element elementor-element-bed7fa8 elementor-widget elementor-widget-image\" data-id=\"bed7fa8\" data-element_type=\"widget\" data-e-type=\"widget\" data-widget_type=\"image.default\">\n\t\t\t\t<div class=\"elementor-widget-container\">\n\t\t\t\t\t\t\t\t\t\t\t\t\t\t\t<img loading=\"lazy\" decoding=\"async\" width=\"800\" height=\"489\" src=\"https:\/\/comitedebioetica.isciii.es\/wp-content\/uploads\/2025\/10\/cbe2.png\" class=\"attachment-large size-large wp-image-3120\" alt=\"\" \/>\t\t\t\t\t\t\t\t\t\t\t\t\t\t\t<\/div>\n\t\t\t\t<\/div>\n\t\t\t\t<\/div>\n\t\t<div class=\"elementor-element elementor-element-5ff7cef e-con-full e-flex e-con e-child\" data-id=\"5ff7cef\" data-element_type=\"container\" data-e-type=\"container\">\n\t\t\t\t<\/div>\n\t\t<div class=\"elementor-element elementor-element-12c217b e-con-full e-flex e-con e-child\" data-id=\"12c217b\" data-element_type=\"container\" data-e-type=\"container\">\n\t\t\t\t<div class=\"elementor-element elementor-element-9bddea9 elementor-widget elementor-widget-heading\" data-id=\"9bddea9\" data-element_type=\"widget\" data-e-type=\"widget\" data-widget_type=\"heading.default\">\n\t\t\t\t<div class=\"elementor-widget-container\">\n\t\t\t\t\t<h4 class=\"elementor-heading-title elementor-size-default\"><a href=\"https:\/\/www.redaccionmedica.com\/secciones\/sanidad-hoy\/-lo-razonable-en-democracia-es-respetar-el-derecho-de-aborto-y-de-objecion--3960\" target=\"_blank\">\"Lo razonable en democracia es respetar el derecho de aborto y objeci\u00f3n\"<\/a><\/h4>\t\t\t\t<\/div>\n\t\t\t\t<\/div>\n\t\t\t\t<div class=\"elementor-element elementor-element-6c3f3ba elementor-widget elementor-widget-image\" data-id=\"6c3f3ba\" data-element_type=\"widget\" data-e-type=\"widget\" data-widget_type=\"image.default\">\n\t\t\t\t<div class=\"elementor-widget-container\">\n\t\t\t\t\t\t\t\t\t\t\t\t\t\t\t<img loading=\"lazy\" decoding=\"async\" width=\"800\" height=\"590\" src=\"https:\/\/comitedebioetica.isciii.es\/wp-content\/uploads\/2025\/10\/cbe.png\" class=\"attachment-large size-large wp-image-3118\" alt=\"\" \/>\t\t\t\t\t\t\t\t\t\t\t\t\t\t\t<\/div>\n\t\t\t\t<\/div>\n\t\t\t\t<div class=\"elementor-element elementor-element-305d02c elementor-widget elementor-widget-text-editor\" data-id=\"305d02c\" data-element_type=\"widget\" data-e-type=\"widget\" data-widget_type=\"text-editor.default\">\n\t\t\t\t<div class=\"elementor-widget-container\">\n\t\t\t\t\t\t\t\t\t<ul><li>El Sr. Seoane particip\u00f3 en una Conferencia en Oviedo el 11 de junio 2025 presentando el informe del CBE sobre <em>La supervisi\u00f3n \u00e9tica del tratamiento de datos en el contexto del espacio europeo datos de salud (EEDS).<\/em><\/li><li>El Sr. de Miguel particip\u00f3 con una presentaci\u00f3n el 11 julio 2025 en los <em>Cursos de Verano de la Universidad Men\u00e9ndez Pelayo de Santander<\/em>.<\/li><li>La Sra. Ria\u00f1o particip\u00f3 el 9 de julio 2025 en la <em>Jornada inaugural de los Cursos de Verano en el Escorial<\/em>, organizados por la UCM<\/li><\/ul>\t\t\t\t\t\t\t\t<\/div>\n\t\t\t\t<\/div>\n\t\t\t\t<\/div>\n\t\t\t\t\t<\/div>\n\t\t\t\t<\/div>\n\t\t\t\t<\/div>\n\t\t","protected":false},"excerpt":{"rendered":"<p>Los Comit\u00e9s de Bio\u00e9tica de Espa\u00f1a y Portugal analizan el uso excesivo de Tecnolog\u00edas Digitales en la Infancia y la Adolescencia La presidencia, vicepresidencia y miembros de los Comit\u00e9s de Bio\u00e9tica de Espa\u00f1a y Portugal en la presentaci\u00f3n del informe en Lisboa. 17\/04\/2026 \u00a0 Un nuevo informe elaborado conjuntamente por el Comit\u00e9 de Bio\u00e9tica de [&hellip;]<\/p>\n","protected":false},"author":7,"featured_media":0,"parent":141,"menu_order":0,"comment_status":"closed","ping_status":"closed","template":"","meta":{"_acf_changed":false,"footnotes":""},"class_list":["post-3095","page","type-page","status-publish","hentry"],"acf":[],"yoast_head":"<!-- This site is optimized with the Yoast SEO plugin v27.5 - https:\/\/yoast.com\/product\/yoast-seo-wordpress\/ -->\n<title>Noticias - COMIT\u00c9 DE BIO\u00c9TICA DE ESPA\u00d1A<\/title>\n<meta name=\"robots\" content=\"index, follow, max-snippet:-1, max-image-preview:large, max-video-preview:-1\" \/>\n<link rel=\"canonical\" href=\"https:\/\/comitedebioetica.isciii.es\/inicio\/noticias\/\" \/>\n<meta property=\"og:locale\" content=\"en_US\" \/>\n<meta property=\"og:type\" content=\"article\" \/>\n<meta property=\"og:title\" content=\"Noticias - COMIT\u00c9 DE BIO\u00c9TICA DE ESPA\u00d1A\" \/>\n<meta property=\"og:description\" content=\"Los Comit\u00e9s de Bio\u00e9tica de Espa\u00f1a y Portugal analizan el uso excesivo de Tecnolog\u00edas Digitales en la Infancia y la Adolescencia La presidencia, vicepresidencia y miembros de los Comit\u00e9s de Bio\u00e9tica de Espa\u00f1a y Portugal en la presentaci\u00f3n del informe en Lisboa. 17\/04\/2026 \u00a0 Un nuevo informe elaborado conjuntamente por el Comit\u00e9 de Bio\u00e9tica de [&hellip;]\" \/>\n<meta property=\"og:url\" content=\"https:\/\/comitedebioetica.isciii.es\/inicio\/noticias\/\" \/>\n<meta property=\"og:site_name\" content=\"COMIT\u00c9 DE BIO\u00c9TICA DE ESPA\u00d1A\" \/>\n<meta property=\"article:modified_time\" content=\"2026-04-17T08:03:49+00:00\" \/>\n<meta property=\"og:image\" content=\"https:\/\/comitedebioetica.isciii.es\/wp-content\/uploads\/2026\/04\/informe_CBE.png\" \/>\n\t<meta property=\"og:image:width\" content=\"802\" \/>\n\t<meta property=\"og:image:height\" content=\"415\" \/>\n\t<meta property=\"og:image:type\" content=\"image\/png\" \/>\n<meta name=\"twitter:card\" content=\"summary_large_image\" \/>\n<meta name=\"twitter:label1\" content=\"Est. reading time\" \/>\n\t<meta name=\"twitter:data1\" content=\"9 minutes\" \/>\n<script type=\"application\/ld+json\" class=\"yoast-schema-graph\">{\"@context\":\"https:\\\/\\\/schema.org\",\"@graph\":[{\"@type\":\"WebPage\",\"@id\":\"https:\\\/\\\/comitedebioetica.isciii.es\\\/inicio\\\/noticias\\\/\",\"url\":\"https:\\\/\\\/comitedebioetica.isciii.es\\\/inicio\\\/noticias\\\/\",\"name\":\"Noticias - COMIT\u00c9 DE BIO\u00c9TICA DE ESPA\u00d1A\",\"isPartOf\":{\"@id\":\"https:\\\/\\\/comitedebioetica.isciii.es\\\/#website\"},\"primaryImageOfPage\":{\"@id\":\"https:\\\/\\\/comitedebioetica.isciii.es\\\/inicio\\\/noticias\\\/#primaryimage\"},\"image\":{\"@id\":\"https:\\\/\\\/comitedebioetica.isciii.es\\\/inicio\\\/noticias\\\/#primaryimage\"},\"thumbnailUrl\":\"https:\\\/\\\/comitedebioetica.isciii.es\\\/wp-content\\\/uploads\\\/2026\\\/04\\\/informe_CBE.png\",\"datePublished\":\"2025-10-29T10:55:19+00:00\",\"dateModified\":\"2026-04-17T08:03:49+00:00\",\"breadcrumb\":{\"@id\":\"https:\\\/\\\/comitedebioetica.isciii.es\\\/inicio\\\/noticias\\\/#breadcrumb\"},\"inLanguage\":\"en-US\",\"potentialAction\":[{\"@type\":\"ReadAction\",\"target\":[\"https:\\\/\\\/comitedebioetica.isciii.es\\\/inicio\\\/noticias\\\/\"]}]},{\"@type\":\"ImageObject\",\"inLanguage\":\"en-US\",\"@id\":\"https:\\\/\\\/comitedebioetica.isciii.es\\\/inicio\\\/noticias\\\/#primaryimage\",\"url\":\"https:\\\/\\\/comitedebioetica.isciii.es\\\/wp-content\\\/uploads\\\/2026\\\/04\\\/informe_CBE.png\",\"contentUrl\":\"https:\\\/\\\/comitedebioetica.isciii.es\\\/wp-content\\\/uploads\\\/2026\\\/04\\\/informe_CBE.png\"},{\"@type\":\"BreadcrumbList\",\"@id\":\"https:\\\/\\\/comitedebioetica.isciii.es\\\/inicio\\\/noticias\\\/#breadcrumb\",\"itemListElement\":[{\"@type\":\"ListItem\",\"position\":1,\"name\":\"Portada\",\"item\":\"https:\\\/\\\/comitedebioetica.isciii.es\\\/\"},{\"@type\":\"ListItem\",\"position\":2,\"name\":\"Inicio\",\"item\":\"https:\\\/\\\/comitedebioetica.isciii.es\\\/\"},{\"@type\":\"ListItem\",\"position\":3,\"name\":\"Noticias\"}]},{\"@type\":\"WebSite\",\"@id\":\"https:\\\/\\\/comitedebioetica.isciii.es\\\/#website\",\"url\":\"https:\\\/\\\/comitedebioetica.isciii.es\\\/\",\"name\":\"COMIT\u00c9 DE BIO\u00c9TICA DE ESPA\u00d1A\",\"description\":\"Web oficial del Comit\u00e9 de Bio\u00e9tica de Espa\u00f1a, documentos, legislaci\u00f3n y resoluciones, opiniones sobre temas actuales y relevantes\",\"publisher\":{\"@id\":\"https:\\\/\\\/comitedebioetica.isciii.es\\\/#organization\"},\"potentialAction\":[{\"@type\":\"SearchAction\",\"target\":{\"@type\":\"EntryPoint\",\"urlTemplate\":\"https:\\\/\\\/comitedebioetica.isciii.es\\\/?s={search_term_string}\"},\"query-input\":{\"@type\":\"PropertyValueSpecification\",\"valueRequired\":true,\"valueName\":\"search_term_string\"}}],\"inLanguage\":\"en-US\"},{\"@type\":\"Organization\",\"@id\":\"https:\\\/\\\/comitedebioetica.isciii.es\\\/#organization\",\"name\":\"COMIT\u00c9 DE BIO\u00c9TICA DE ESPA\u00d1A\",\"url\":\"https:\\\/\\\/comitedebioetica.isciii.es\\\/\",\"logo\":{\"@type\":\"ImageObject\",\"inLanguage\":\"en-US\",\"@id\":\"https:\\\/\\\/comitedebioetica.isciii.es\\\/#\\\/schema\\\/logo\\\/image\\\/\",\"url\":\"https:\\\/\\\/comitedebioetica.isciii.es\\\/wp-content\\\/uploads\\\/2023\\\/10\\\/LOGO-COMITE-BIOETICA-ESPANA.png\",\"contentUrl\":\"https:\\\/\\\/comitedebioetica.isciii.es\\\/wp-content\\\/uploads\\\/2023\\\/10\\\/LOGO-COMITE-BIOETICA-ESPANA.png\",\"width\":250,\"height\":127,\"caption\":\"COMIT\u00c9 DE BIO\u00c9TICA DE ESPA\u00d1A\"},\"image\":{\"@id\":\"https:\\\/\\\/comitedebioetica.isciii.es\\\/#\\\/schema\\\/logo\\\/image\\\/\"}}]}<\/script>\n<!-- \/ Yoast SEO plugin. -->","yoast_head_json":{"title":"Noticias - COMIT\u00c9 DE BIO\u00c9TICA DE ESPA\u00d1A","robots":{"index":"index","follow":"follow","max-snippet":"max-snippet:-1","max-image-preview":"max-image-preview:large","max-video-preview":"max-video-preview:-1"},"canonical":"https:\/\/comitedebioetica.isciii.es\/inicio\/noticias\/","og_locale":"en_US","og_type":"article","og_title":"Noticias - COMIT\u00c9 DE BIO\u00c9TICA DE ESPA\u00d1A","og_description":"Los Comit\u00e9s de Bio\u00e9tica de Espa\u00f1a y Portugal analizan el uso excesivo de Tecnolog\u00edas Digitales en la Infancia y la Adolescencia La presidencia, vicepresidencia y miembros de los Comit\u00e9s de Bio\u00e9tica de Espa\u00f1a y Portugal en la presentaci\u00f3n del informe en Lisboa. 17\/04\/2026 \u00a0 Un nuevo informe elaborado conjuntamente por el Comit\u00e9 de Bio\u00e9tica de [&hellip;]","og_url":"https:\/\/comitedebioetica.isciii.es\/inicio\/noticias\/","og_site_name":"COMIT\u00c9 DE BIO\u00c9TICA DE ESPA\u00d1A","article_modified_time":"2026-04-17T08:03:49+00:00","og_image":[{"width":802,"height":415,"url":"https:\/\/comitedebioetica.isciii.es\/wp-content\/uploads\/2026\/04\/informe_CBE.png","type":"image\/png"}],"twitter_card":"summary_large_image","twitter_misc":{"Est. reading time":"9 minutes"},"schema":{"@context":"https:\/\/schema.org","@graph":[{"@type":"WebPage","@id":"https:\/\/comitedebioetica.isciii.es\/inicio\/noticias\/","url":"https:\/\/comitedebioetica.isciii.es\/inicio\/noticias\/","name":"Noticias - COMIT\u00c9 DE BIO\u00c9TICA DE ESPA\u00d1A","isPartOf":{"@id":"https:\/\/comitedebioetica.isciii.es\/#website"},"primaryImageOfPage":{"@id":"https:\/\/comitedebioetica.isciii.es\/inicio\/noticias\/#primaryimage"},"image":{"@id":"https:\/\/comitedebioetica.isciii.es\/inicio\/noticias\/#primaryimage"},"thumbnailUrl":"https:\/\/comitedebioetica.isciii.es\/wp-content\/uploads\/2026\/04\/informe_CBE.png","datePublished":"2025-10-29T10:55:19+00:00","dateModified":"2026-04-17T08:03:49+00:00","breadcrumb":{"@id":"https:\/\/comitedebioetica.isciii.es\/inicio\/noticias\/#breadcrumb"},"inLanguage":"en-US","potentialAction":[{"@type":"ReadAction","target":["https:\/\/comitedebioetica.isciii.es\/inicio\/noticias\/"]}]},{"@type":"ImageObject","inLanguage":"en-US","@id":"https:\/\/comitedebioetica.isciii.es\/inicio\/noticias\/#primaryimage","url":"https:\/\/comitedebioetica.isciii.es\/wp-content\/uploads\/2026\/04\/informe_CBE.png","contentUrl":"https:\/\/comitedebioetica.isciii.es\/wp-content\/uploads\/2026\/04\/informe_CBE.png"},{"@type":"BreadcrumbList","@id":"https:\/\/comitedebioetica.isciii.es\/inicio\/noticias\/#breadcrumb","itemListElement":[{"@type":"ListItem","position":1,"name":"Portada","item":"https:\/\/comitedebioetica.isciii.es\/"},{"@type":"ListItem","position":2,"name":"Inicio","item":"https:\/\/comitedebioetica.isciii.es\/"},{"@type":"ListItem","position":3,"name":"Noticias"}]},{"@type":"WebSite","@id":"https:\/\/comitedebioetica.isciii.es\/#website","url":"https:\/\/comitedebioetica.isciii.es\/","name":"COMIT\u00c9 DE BIO\u00c9TICA DE ESPA\u00d1A","description":"Web oficial del Comit\u00e9 de Bio\u00e9tica de Espa\u00f1a, documentos, legislaci\u00f3n y resoluciones, opiniones sobre temas actuales y relevantes","publisher":{"@id":"https:\/\/comitedebioetica.isciii.es\/#organization"},"potentialAction":[{"@type":"SearchAction","target":{"@type":"EntryPoint","urlTemplate":"https:\/\/comitedebioetica.isciii.es\/?s={search_term_string}"},"query-input":{"@type":"PropertyValueSpecification","valueRequired":true,"valueName":"search_term_string"}}],"inLanguage":"en-US"},{"@type":"Organization","@id":"https:\/\/comitedebioetica.isciii.es\/#organization","name":"COMIT\u00c9 DE BIO\u00c9TICA DE ESPA\u00d1A","url":"https:\/\/comitedebioetica.isciii.es\/","logo":{"@type":"ImageObject","inLanguage":"en-US","@id":"https:\/\/comitedebioetica.isciii.es\/#\/schema\/logo\/image\/","url":"https:\/\/comitedebioetica.isciii.es\/wp-content\/uploads\/2023\/10\/LOGO-COMITE-BIOETICA-ESPANA.png","contentUrl":"https:\/\/comitedebioetica.isciii.es\/wp-content\/uploads\/2023\/10\/LOGO-COMITE-BIOETICA-ESPANA.png","width":250,"height":127,"caption":"COMIT\u00c9 DE BIO\u00c9TICA DE ESPA\u00d1A"},"image":{"@id":"https:\/\/comitedebioetica.isciii.es\/#\/schema\/logo\/image\/"}}]}},"_links":{"self":[{"href":"https:\/\/comitedebioetica.isciii.es\/en\/wp-json\/wp\/v2\/pages\/3095","targetHints":{"allow":["GET"]}}],"collection":[{"href":"https:\/\/comitedebioetica.isciii.es\/en\/wp-json\/wp\/v2\/pages"}],"about":[{"href":"https:\/\/comitedebioetica.isciii.es\/en\/wp-json\/wp\/v2\/types\/page"}],"author":[{"embeddable":true,"href":"https:\/\/comitedebioetica.isciii.es\/en\/wp-json\/wp\/v2\/users\/7"}],"replies":[{"embeddable":true,"href":"https:\/\/comitedebioetica.isciii.es\/en\/wp-json\/wp\/v2\/comments?post=3095"}],"version-history":[{"count":91,"href":"https:\/\/comitedebioetica.isciii.es\/en\/wp-json\/wp\/v2\/pages\/3095\/revisions"}],"predecessor-version":[{"id":3402,"href":"https:\/\/comitedebioetica.isciii.es\/en\/wp-json\/wp\/v2\/pages\/3095\/revisions\/3402"}],"up":[{"embeddable":true,"href":"https:\/\/comitedebioetica.isciii.es\/en\/wp-json\/wp\/v2\/pages\/141"}],"wp:attachment":[{"href":"https:\/\/comitedebioetica.isciii.es\/en\/wp-json\/wp\/v2\/media?parent=3095"}],"curies":[{"name":"wp","href":"https:\/\/api.w.org\/{rel}","templated":true}]}}